{"id":53,"date":"2012-07-09T20:05:40","date_gmt":"2012-07-09T18:05:40","guid":{"rendered":"http:\/\/www.martin-schiller.net\/?page_id=53"},"modified":"2022-06-16T15:46:20","modified_gmt":"2022-06-16T13:46:20","slug":"impressum","status":"publish","type":"page","link":"http:\/\/www.posaunenchor-ulm-soeflingen.de\/?page_id=53","title":{"rendered":"Impressum"},"content":{"rendered":"<h2>Ein Blick hinter die Kulissen<\/h2>\n<p>Der Posaunenchor Ulm-S\u00f6flingen ist Teil der Evangelischen Christuskirchengemeinde Ulm-S\u00f6flingen, die der Evangelischen Landeskirche in W\u00fcrttemberg angeh\u00f6rt.<\/p>\n<p><img loading=\"lazy\" decoding=\"async\" class=\" wp-image-101 alignnone\" src=\"http:\/\/www.posaunenchor-ulm-soeflingen.de\/wp-content\/uploads\/logo_christuskirchengemeinde1.jpg\" alt=\"\" width=\"229\" height=\"90\" \/><\/p>\n<p>K\u00f6nigstra\u00dfe 5, 89077 Ulm<br \/>\nTelefon (0731) 381238<br \/>\nFax (0731) 3886134<br \/>\n<a href=\"mailto:gemeindebuero.ulm.christuskirche@elkw.de\">E-Mail<\/a><\/p>\n<h5>Hinweise zu unserer Website:<\/h5>\n<p>www.posaunenchor-ulm-soeflingen.de\u00a0ist ein Projekt von Mitgliedern des Posaunenchors Ulm-S\u00f6flingen. Verantwortlich f\u00fcr den Inhalt der einzelnen Seiten und Beitr\u00e4ge sind deren jeweilige Verfasser. Wir pr\u00fcfen jeden Link auf Existenz und Inhalt der verlinkten Seite. Es ist jedoch nicht m\u00f6glich, den Inhalt der verlinkten Seite permanent zu kontrollieren. Sollte dieser gegen geltendes deutsches Recht versto\u00dfen, bitten wir um umgehende Benachrichtigung, damit der Link entfernt wird. Die unerlaubte Vervielf\u00e4ltigung und Weiterbearbeitung von Inhalten dieser Website ist nicht gestattet.<\/p>\n","protected":false},"excerpt":{"rendered":"<p>Ein Blick hinter die Kulissen Der Posaunenchor Ulm-S\u00f6flingen ist Teil der Evangelischen Christuskirchengemeinde Ulm-S\u00f6flingen, die der Evangelischen Landeskirche in W\u00fcrttemberg angeh\u00f6rt. K\u00f6nigstra\u00dfe 5, 89077 Ulm Telefon (0731) 381238 Fax (0731) 3886134 E-Mail Hinweise zu unserer Website: www.posaunenchor-ulm-soeflingen.de\u00a0ist ein Projekt von Mitgliedern des Posaunenchors Ulm-S\u00f6flingen. Verantwortlich f\u00fcr den Inhalt der einzelnen Seiten und Beitr\u00e4ge sind deren &hellip; <a href=\"http:\/\/www.posaunenchor-ulm-soeflingen.de\/?page_id=53\" class=\"more-link\"><span class=\"screen-reader-text\">Impressum<\/span> weiterlesen <span class=\"meta-nav\">&rarr;<\/span><\/a><\/p>\n","protected":false},"author":2,"featured_media":0,"parent":0,"menu_order":0,"comment_status":"closed","ping_status":"open","template":"","meta":{"footnotes":""},"class_list":["post-53","page","type-page","status-publish","hentry"],"_links":{"self":[{"href":"http:\/\/www.posaunenchor-ulm-soeflingen.de\/index.php?rest_route=\/wp\/v2\/pages\/53","targetHints":{"allow":["GET"]}}],"collection":[{"href":"http:\/\/www.posaunenchor-ulm-soeflingen.de\/index.php?rest_route=\/wp\/v2\/pages"}],"about":[{"href":"http:\/\/www.posaunenchor-ulm-soeflingen.de\/index.php?rest_route=\/wp\/v2\/types\/page"}],"author":[{"embeddable":true,"href":"http:\/\/www.posaunenchor-ulm-soeflingen.de\/index.php?rest_route=\/wp\/v2\/users\/2"}],"replies":[{"embeddable":true,"href":"http:\/\/www.posaunenchor-ulm-soeflingen.de\/index.php?rest_route=%2Fwp%2Fv2%2Fcomments&post=53"}],"version-history":[{"count":22,"href":"http:\/\/www.posaunenchor-ulm-soeflingen.de\/index.php?rest_route=\/wp\/v2\/pages\/53\/revisions"}],"predecessor-version":[{"id":710,"href":"http:\/\/www.posaunenchor-ulm-soeflingen.de\/index.php?rest_route=\/wp\/v2\/pages\/53\/revisions\/710"}],"wp:attachment":[{"href":"http:\/\/www.posaunenchor-ulm-soeflingen.de\/index.php?rest_route=%2Fwp%2Fv2%2Fmedia&parent=53"}],"curies":[{"name":"wp","href":"https:\/\/api.w.org\/{rel}","templated":true}]}}